{"id":56,"date":"2020-03-25T21:52:04","date_gmt":"2020-03-25T20:52:04","guid":{"rendered":"http:\/\/neuende-kita.de\/?page_id=56"},"modified":"2020-04-16T09:25:10","modified_gmt":"2020-04-16T07:25:10","slug":"datenschutzerklaerung","status":"publish","type":"page","link":"https:\/\/neuende-kita.de\/?page_id=56","title":{"rendered":"Datenschutzerkl\u00e4rung"},"content":{"rendered":"\n<h1 class=\"wp-block-heading\">Allgemeine Hinweise zur Datenschutzerkl\u00e4rung<\/h1>\n\n\n\n<p>Diese Datenschutzerkl\u00e4rung soll die Nutzer dieser Webseite \u00fcber die \nArt, den Umfang und den Zweck der Erhebung und Verwendung \npersonenbezogener Daten durch den Webseitenbetreiber<\/p>\n\n\n\n<p>Kindergarten Neuende<br> Feldmark 56<br> 26389 Wilhelmshaven<br> Tel: 04421-83956<br> eMail:  <a href=\"mailto:kindergarten.neuende@kirche-am-meer.de\">Kindergarten.Neuende@Kirche-am-Meer.de <\/a><\/p>\n\n\n\n<p>informieren.<\/p>\n\n\n\n<p>Der Webseitenbetreiber nimmt Ihren Datenschutz sehr ernst und \nbehandelt Ihre personenbezogenen Daten vertraulich und entsprechend der \ngesetzlichen Vorschriften. Da durch neue Technologien und die st\u00e4ndige \nWeiterentwicklung dieser Webseite \u00c4nderungen an dieser \nDatenschutzerkl\u00e4rung vorgenommen werden k\u00f6nnen, empfehlen wir Ihnen, \nsich die Datenschutzerkl\u00e4rung in regelm\u00e4\u00dfigen Abst\u00e4nden wieder \ndurchzulesen.<\/p>\n\n\n\n<p>Definitionen der verwendeten Begriffe (z.B. \u201cpersonenbezogene Daten\u201d oder \u201cVerarbeitung\u201d) finden Sie in Art. 4 DSGVO.<\/p>\n\n\n\n<h1 class=\"wp-block-heading\">Technische Aspekte (Server LogFiles)<\/h1>\n\n\n\n<h2 class=\"wp-block-heading\">Automatische Speicherung von Daten durch unsere Webseite<\/h2>\n\n\n\n<p>Wir, der Webseitenbetreiber bzw. unser Seitenprovider (STRATO und \nWordPress), erheben aufgrund unseres berechtigten Interesses (s. Art. 6 \nAbs. 1 lit. f. DSGVO) Daten \u00fcber Zugriffe auf die Webseite und speichern\n diese als \u201eServer-Logfiles\u201c auf dem Server der Webseite ab. Folgende \nDaten werden so protokolliert:<\/p>\n\n\n\n<ul><li>Besuchte Webseite<\/li><li>Uhrzeit zum Zeitpunkt des Zugriffes<\/li><li>Menge der gesendeten Daten in Byte<\/li><li>Quelle\/Verweis, von welchem Sie auf die Seite gelangten<\/li><li>Verwendeter Browser<\/li><li>Verwendetes Betriebssystem<\/li><li>Verwendete IP-Adresse<\/li><li>MAC-Adresse<\/li><li>Spracheinstellung<\/li><li>Information des Mobilien Netzwerkes<\/li><li>Ungef\u00e4hrer Standort aufgrund der IP-Adresse<br>\n(wie viele User aus einer bestimmten geographischen Region zugreifen)<\/li><\/ul>\n\n\n\n<p>Die Server-Logfiles werden f\u00fcr maximal 7 Tage gespeichert und \nanschlie\u00dfend gel\u00f6scht. Die Speicherung der Daten erfolgt aus \nSicherheitsgr\u00fcnden, um z. B. Missbrauchsf\u00e4lle aufkl\u00e4ren zu k\u00f6nnen. \nM\u00fcssen Daten aus Beweisgr\u00fcnden aufgehoben werden, sind sie solange von \nder L\u00f6schung ausgenommen bis der Vorfall endg\u00fcltig gekl\u00e4rt ist.<\/p>\n\n\n\n<p>Zugang zu den Daten haben Tochterunternehmen, Angestellte, Freie \nMitarbeiter und Lieferanten\/Anbieter (eMail Unterst\u00fctzung und \nServiceverbesserung) sofern dieses zur Unterst\u00fctzung der Bereitstellung \nder Dienste bzw. der Darstellung der gew\u00fcnschten Information notwendig \nist. Dabei wird von diesen gefordert, die Datenschutzrichtlinien in \nBezug auf die Privaten Informationen zu befolgen.<\/p>\n\n\n\n<p>Weiterhin werden Daten zur Strafverfolgung und gem\u00e4\u00df den Rechten des \nStaates an die entsprechenden Stellen weitergegeben. Zu Statistikzwecken\n der Servicenutzung werden die gesammelten Daten nach Anonymisierung \nverwendet.<\/p>\n\n\n\n<h2 class=\"wp-block-heading\">Umgang mit personenbezogenen Daten<\/h2>\n\n\n\n<p>Der Webseitenbetreiber erhebt, nutzt und gibt Ihre personenbezogenen \nDaten nur dann weiter, wenn dies im gesetzlichen Rahmen erlaubt ist oder\n Sie in die Datenerhebung einwilligen. Als personenbezogene Daten gelten\n s\u00e4mtliche Informationen, welche dazu dienen, Ihre Person zu bestimmen \nund welche zu Ihnen zur\u00fcckverfolgt werden k\u00f6nnen \u2013 also beispielsweise \nIhr Name, Ihre E-Mail-Adresse und Telefonnummer.<\/p>\n\n\n\n<p>Diese Webseite k\u00f6nnen Sie auch besuchen, ohne Angaben zu Ihrer Person\n zu machen. Zur Verbesserung unseres Online-Angebotes speichern wir \njedoch (ohne Personenbezug) Ihre Zugriffsdaten auf diese Webseite. Zu \ndiesen Zugriffsdaten geh\u00f6ren z. B. die von Ihnen angeforderte Datei oder\n der Name Ihres Internet-Providers. Durch die Anonymisierung der Daten \nsind R\u00fcckschl\u00fcsse auf Ihre Person nicht m\u00f6glich.<\/p>\n\n\n\n<h1 class=\"wp-block-heading\">Allgemeiner Hinweis zu Cookie<\/h1>\n\n\n\n<p>Unsere Webseite verwendet Cookies. Das sind kleine Textdateien, die \nIhr Webbrowser auf Ihrem Endger\u00e4t speichert und bei jedem Besuch der \nWebseite an diese \u00fcbertr\u00e4gt. Cookies helfen uns dabei, unser Angebot \nnutzerfreundlicher, effektiver und sicherer zu machen.<\/p>\n\n\n\n<p>Einige Cookies sind \u201cSession-Cookies.\u201d Solche Cookies werden nach \nEnde Ihrer Browser-Sitzung von selbst gel\u00f6scht. Hingegen bleiben andere \nCookies auf Ihrem Endger\u00e4t bestehen, bis Sie diese selbst l\u00f6schen. \nSolche Cookies helfen uns, Sie bei R\u00fcckkehr auf unserer Webseite \nwiederzuerkennen.<\/p>\n\n\n\n<p>Mit einem modernen Webbrowser k\u00f6nnen Sie das Setzen von Cookies \n\u00fcberwachen, einschr\u00e4nken oder unterbinden. Viele Webbrowser lassen sich \nso konfigurieren, dass Cookies mit dem Schlie\u00dfen des Programms von \nselbst gel\u00f6scht werden. Die Deaktivierung von Cookies kann eine \neingeschr\u00e4nkte Funktionalit\u00e4t unserer Webseite zur Folge haben.<\/p>\n\n\n\n<p>Das Setzen von Cookies, die zur Aus\u00fcbung elektronischer \nKommunikationsvorg\u00e4nge oder der Bereitstellung bestimmter, von Ihnen \nerw\u00fcnschter Funktionen (z.B. Warenkorb) notwendig sind, erfolgt auf \nGrundlage von Art. 6 Abs. 1 lit. f DSGVO. Als Betreiber dieser Webseite \nhaben wir ein berechtigtes Interesse an der Speicherung von Cookies zur \ntechnisch fehlerfreien und reibungslosen Bereitstellung unserer Dienste.\n Sofern die Setzung anderer Cookies (z.B. f\u00fcr Analyse-Funktionen) \nerfolgt, werden diese in dieser Datenschutzerkl\u00e4rung separat behandelt.<\/p>\n\n\n\n<h1 class=\"wp-block-heading\">Schlussbestimmungen<\/h1>\n\n\n\n<h2 class=\"wp-block-heading\">Rechte auf Auskunft, Richtigstellung und L\u00f6schung<\/h2>\n\n\n\n<p>Sie haben als Nutzer das Recht, auf Antrag eine kostenlose Auskunft \ndar\u00fcber zu erhalten, welche personenbezogenen Daten \u00fcber Sie gespeichert\n wurden. Sie haben au\u00dferdem das Recht auf Berichtigung falscher Daten \nund auf die Verarbeitungseinschr\u00e4nkung oder L\u00f6schung Ihrer \npersonenbezogenen Daten. Falls zutreffend, k\u00f6nnen Sie auch Ihr Recht auf\n Datenportabilit\u00e4t geltend machen. Sollten Sie annehmen, dass Ihre Daten\n unrechtm\u00e4\u00dfig verarbeitet wurden, k\u00f6nnen Sie eine Beschwerde bei der \nzust\u00e4ndigen Aufsichtsbeh\u00f6rde einreichen.<\/p>\n\n\n\n<h2 class=\"wp-block-heading\">L\u00f6schung von Daten<\/h2>\n\n\n\n<p>Sofern Ihr Wunsch nicht mit einer gesetzlichen Pflicht zur \nAufbewahrung von Daten (z. B. Vorratsdatenspeicherung) kollidiert, haben\n Sie ein Anrecht auf L\u00f6schung Ihrer Daten. Von uns gespeicherte Daten \nwerden, sollten sie f\u00fcr ihre Zweckbestimmung nicht mehr vonn\u00f6ten sein \nund es keine gesetzlichen Aufbewahrungsfristen geben, gel\u00f6scht. Falls \neine L\u00f6schung nicht durchgef\u00fchrt werden kann, da die Daten f\u00fcr zul\u00e4ssige\n gesetzliche Zwecke erforderlich sind, erfolgt eine Einschr\u00e4nkung der \nDatenverarbeitung. In diesem Fall werden die Daten gesperrt und nicht \nf\u00fcr andere Zwecke verarbeitet.<\/p>\n\n\n\n<h2 class=\"wp-block-heading\">Widerspruchsrecht<\/h2>\n\n\n\n<p>Nutzer dieser Webseite k\u00f6nnen von ihrem Widerspruchsrecht Gebrauch  machen und der Verarbeitung ihrer personenbezogenen Daten zu jeder Zeit  widersprechen.<br> Wenn Sie eine Berichtigung, Sperrung, L\u00f6schung oder Auskunft \u00fcber die zu  Ihrer Person gespeicherten personenbezogenen Daten w\u00fcnschen oder Fragen  bzgl. der Erhebung, Verarbeitung oder Verwendung Ihrer  personenbezogenen Daten haben oder erteilte Einwilligungen widerrufen  m\u00f6chten, wenden Sie sich bitte an folgende E-Mail-Adresse:   <a href=\"mailto:Kindergarten.Neuende@Kirche-am-Meer.de\">Kindergarten.Neuende@Kirche-am-Meer.de<\/a> <\/p>\n","protected":false},"excerpt":{"rendered":"<p>Allgemeine Hinweise zur Datenschutzerkl\u00e4rung Diese Datenschutzerkl\u00e4rung soll die Nutzer dieser Webseite \u00fcber die Art, den Umfang und den Zweck der Erhebung und Verwendung personenbezogener Daten durch den Webseitenbetreiber Kindergarten Neuende Feldmark 56 26389 Wilhelmshaven Tel: 04421-83956 eMail: Kindergarten.Neuende@Kirche-am-Meer.de informieren. Der [&hellip;]<\/p>\n","protected":false},"author":2,"featured_media":0,"parent":0,"menu_order":0,"comment_status":"closed","ping_status":"closed","template":"","meta":{"footnotes":""},"_links":{"self":[{"href":"https:\/\/neuende-kita.de\/index.php?rest_route=\/wp\/v2\/pages\/56"}],"collection":[{"href":"https:\/\/neuende-kita.de\/index.php?rest_route=\/wp\/v2\/pages"}],"about":[{"href":"https:\/\/neuende-kita.de\/index.php?rest_route=\/wp\/v2\/types\/page"}],"author":[{"embeddable":true,"href":"https:\/\/neuende-kita.de\/index.php?rest_route=\/wp\/v2\/users\/2"}],"replies":[{"embeddable":true,"href":"https:\/\/neuende-kita.de\/index.php?rest_route=%2Fwp%2Fv2%2Fcomments&post=56"}],"version-history":[{"count":2,"href":"https:\/\/neuende-kita.de\/index.php?rest_route=\/wp\/v2\/pages\/56\/revisions"}],"predecessor-version":[{"id":213,"href":"https:\/\/neuende-kita.de\/index.php?rest_route=\/wp\/v2\/pages\/56\/revisions\/213"}],"wp:attachment":[{"href":"https:\/\/neuende-kita.de\/index.php?rest_route=%2Fwp%2Fv2%2Fmedia&parent=56"}],"curies":[{"name":"wp","href":"https:\/\/api.w.org\/{rel}","templated":true}]}}