{"id":370,"date":"2022-07-30T09:56:16","date_gmt":"2022-07-30T07:56:16","guid":{"rendered":"https:\/\/neuende-kita.de\/?page_id=370"},"modified":"2025-07-03T15:29:21","modified_gmt":"2025-07-03T13:29:21","slug":"aktuelles","status":"publish","type":"page","link":"https:\/\/neuende-kita.de\/?page_id=370","title":{"rendered":"Aktuelles"},"content":{"rendered":"\n<p class=\"has-larger-font-size\"><\/p>\n\n\n\n<p style=\"font-size:22px\"><strong>Alle Pl\u00e4tze sind vergeben. <\/strong><\/p>\n\n\n\n<p style=\"font-size:22px\"><strong>Eine Anmeldung f\u00fcr das Kita-Jahr  ist ab Oktober 2025 \u00fcber das Anmeldeportal der Stadt Wilhelmshaven wieder m\u00f6glich (www.wilhelmshaven.kitaav.de).  <\/strong><\/p>\n\n\n\n<p style=\"font-size:22px\"><strong>Sie m\u00f6chten die Einrichtung kennenlernen und sich \u00fcber die p\u00e4dagogische Arbeit in unserem Kindergarten pers\u00f6nlich informieren? Nutzen Sie die M\u00f6glichkeit der Terminabsprache unter 04421\/83958. Damit erm\u00f6glichen Sie uns die erforderliche Zeit einzuplanen.<\/strong><\/p>\n\n\n\n<div class=\"wp-block-columns alignwide is-layout-flex wp-container-3 wp-block-columns-is-layout-flex\">\n<div class=\"wp-block-column is-layout-flow wp-block-column-is-layout-flow\">\n<p><\/p>\n<\/div>\n\n\n\n<div class=\"wp-block-column is-vertically-aligned-center is-layout-flow wp-block-column-is-layout-flow\"><\/div>\n<\/div>\n\n\n\n<p><\/p>\n","protected":false},"excerpt":{"rendered":"<p>Alle Pl\u00e4tze sind vergeben. Eine Anmeldung f\u00fcr das Kita-Jahr ist ab Oktober 2025 \u00fcber das Anmeldeportal der Stadt Wilhelmshaven wieder m\u00f6glich (www.wilhelmshaven.kitaav.de). Sie m\u00f6chten die Einrichtung kennenlernen und sich \u00fcber die p\u00e4dagogische Arbeit in unserem Kindergarten pers\u00f6nlich informieren? Nutzen Sie [&hellip;]<\/p>\n","protected":false},"author":3,"featured_media":0,"parent":0,"menu_order":0,"comment_status":"closed","ping_status":"closed","template":"","meta":{"footnotes":""},"_links":{"self":[{"href":"https:\/\/neuende-kita.de\/index.php?rest_route=\/wp\/v2\/pages\/370"}],"collection":[{"href":"https:\/\/neuende-kita.de\/index.php?rest_route=\/wp\/v2\/pages"}],"about":[{"href":"https:\/\/neuende-kita.de\/index.php?rest_route=\/wp\/v2\/types\/page"}],"author":[{"embeddable":true,"href":"https:\/\/neuende-kita.de\/index.php?rest_route=\/wp\/v2\/users\/3"}],"replies":[{"embeddable":true,"href":"https:\/\/neuende-kita.de\/index.php?rest_route=%2Fwp%2Fv2%2Fcomments&post=370"}],"version-history":[{"count":56,"href":"https:\/\/neuende-kita.de\/index.php?rest_route=\/wp\/v2\/pages\/370\/revisions"}],"predecessor-version":[{"id":666,"href":"https:\/\/neuende-kita.de\/index.php?rest_route=\/wp\/v2\/pages\/370\/revisions\/666"}],"wp:attachment":[{"href":"https:\/\/neuende-kita.de\/index.php?rest_route=%2Fwp%2Fv2%2Fmedia&parent=370"}],"curies":[{"name":"wp","href":"https:\/\/api.w.org\/{rel}","templated":true}]}}